{"id":4661,"date":"2025-10-23T10:51:12","date_gmt":"2025-10-23T10:51:12","guid":{"rendered":"https:\/\/institutocriia.org\/microcredenciales-ub\/"},"modified":"2025-10-26T23:00:53","modified_gmt":"2025-10-26T23:00:53","slug":"microcredenciales-ub","status":"publish","type":"page","link":"https:\/\/institutocriia.org\/pt-pt\/microcredenciales-ub\/","title":{"rendered":"Microcredenciales UB"},"content":{"rendered":"\t\t<div data-elementor-type=\"wp-page\" data-elementor-id=\"4661\" class=\"elementor elementor-4661 elementor-4471\">\n\t\t\t\t\t\t<section class=\"elementor-section elementor-top-section elementor-element elementor-element-ea2f8ff elementor-section-height-min-height elementor-section-boxed elementor-section-height-default elementor-section-items-middle\" data-id=\"ea2f8ff\" data-element_type=\"section\" data-e-type=\"section\" data-settings=\"{&quot;background_background&quot;:&quot;classic&quot;}\">\n\t\t\t\t\t\t<div class=\"elementor-container elementor-column-gap-default\">\n\t\t\t\t\t<div class=\"elementor-column elementor-col-100 elementor-top-column elementor-element elementor-element-391d2cad\" data-id=\"391d2cad\" data-element_type=\"column\" data-e-type=\"column\">\n\t\t\t<div class=\"elementor-widget-wrap elementor-element-populated\">\n\t\t\t\t\t\t<div class=\"elementor-element elementor-element-28cac3a2 elementor-widget elementor-widget-heading\" data-id=\"28cac3a2\" data-element_type=\"widget\" data-e-type=\"widget\" data-widget_type=\"heading.default\">\n\t\t\t\t<div class=\"elementor-widget-container\">\n\t\t\t\t\t<span class=\"elementor-heading-title elementor-size-default\">Microcredenciales UB - Instituto CRIIA<\/span>\t\t\t\t<\/div>\n\t\t\t\t<\/div>\n\t\t\t\t<div class=\"elementor-element elementor-element-7a993c2 elementor-widget__width-initial elementor-widget elementor-widget-heading\" data-id=\"7a993c2\" data-element_type=\"widget\" data-e-type=\"widget\" data-widget_type=\"heading.default\">\n\t\t\t\t<div class=\"elementor-widget-container\">\n\t\t\t\t\t<h1 class=\"elementor-heading-title elementor-size-default\">Mejora tu empleabilidad con una formaci\u00f3n breve y de calidad<\/h1>\t\t\t\t<\/div>\n\t\t\t\t<\/div>\n\t\t\t\t<div class=\"elementor-element elementor-element-ce32888 elementor-widget elementor-widget-button\" data-id=\"ce32888\" data-element_type=\"widget\" data-e-type=\"widget\" data-widget_type=\"button.default\">\n\t\t\t\t<div class=\"elementor-widget-container\">\n\t\t\t\t\t\t\t\t\t<div class=\"elementor-button-wrapper\">\n\t\t\t\t\t<a class=\"elementor-button elementor-button-link elementor-size-sm\" href=\"#intro\">\n\t\t\t\t\t\t<span class=\"elementor-button-content-wrapper\">\n\t\t\t\t\t\t\t\t\t<span class=\"elementor-button-text\">M\u00e1s informaci\u00f3n<\/span>\n\t\t\t\t\t<\/span>\n\t\t\t\t\t<\/a>\n\t\t\t\t<\/div>\n\t\t\t\t\t\t\t\t<\/div>\n\t\t\t\t<\/div>\n\t\t\t\t\t<\/div>\n\t\t<\/div>\n\t\t\t\t\t<\/div>\n\t\t<\/section>\n\t\t\t\t<section class=\"elementor-section elementor-top-section elementor-element elementor-element-0e285c0 elementor-reverse-mobile elementor-section-boxed elementor-section-height-default elementor-section-height-default\" data-id=\"0e285c0\" data-element_type=\"section\" data-e-type=\"section\" id=\"intro\">\n\t\t\t\t\t\t<div class=\"elementor-container elementor-column-gap-default\">\n\t\t\t\t\t<div class=\"elementor-column elementor-col-100 elementor-top-column elementor-element elementor-element-c42830b\" data-id=\"c42830b\" data-element_type=\"column\" data-e-type=\"column\">\n\t\t\t<div class=\"elementor-widget-wrap elementor-element-populated\">\n\t\t\t\t\t\t<div class=\"elementor-element elementor-element-024f532 elementor-widget elementor-widget-heading\" data-id=\"024f532\" data-element_type=\"widget\" data-e-type=\"widget\" data-widget_type=\"heading.default\">\n\t\t\t\t<div class=\"elementor-widget-container\">\n\t\t\t\t\t<h2 class=\"elementor-heading-title elementor-size-default\">Microcredenciales UB - Instituto CRIIA<\/h2>\t\t\t\t<\/div>\n\t\t\t\t<\/div>\n\t\t\t\t<div class=\"elementor-element elementor-element-13c9179 elementor-widget elementor-widget-accordion\" data-id=\"13c9179\" data-element_type=\"widget\" data-e-type=\"widget\" data-widget_type=\"accordion.default\">\n\t\t\t\t<div class=\"elementor-widget-container\">\n\t\t\t\t\t\t\t<div class=\"elementor-accordion\">\n\t\t\t\t\t\t\t<div class=\"elementor-accordion-item\">\n\t\t\t\t\t<div id=\"elementor-tab-title-2071\" class=\"elementor-tab-title\" data-tab=\"1\" role=\"button\" aria-controls=\"elementor-tab-content-2071\" aria-expanded=\"false\">\n\t\t\t\t\t\t\t\t\t\t\t\t\t<span class=\"elementor-accordion-icon elementor-accordion-icon-left\" aria-hidden=\"true\">\n\t\t\t\t\t\t\t\t\t\t\t\t\t\t\t<span class=\"elementor-accordion-icon-closed\"><i class=\"fas fa-plus\"><\/i><\/span>\n\t\t\t\t\t\t\t\t<span class=\"elementor-accordion-icon-opened\"><i class=\"fas fa-minus\"><\/i><\/span>\n\t\t\t\t\t\t\t\t\t\t\t\t\t\t<\/span>\n\t\t\t\t\t\t\t\t\t\t\t\t<a class=\"elementor-accordion-title\" tabindex=\"0\">\u00bfQu\u00e9 son?<\/a>\n\t\t\t\t\t<\/div>\n\t\t\t\t\t<div id=\"elementor-tab-content-2071\" class=\"elementor-tab-content elementor-clearfix\" data-tab=\"1\" role=\"region\" aria-labelledby=\"elementor-tab-title-2071\"><p>Las Microcredenciales universitarias son programas cortos y flexibles que permiten adquirir y actualizar competencias profesionales para mejorar la empleabilidad. Est\u00e1n abiertas a personas de 25 a 64 a\u00f1os con nacionalidad o residencia legal en Espa\u00f1a y no requieren titulaci\u00f3n universitaria previa. Proporcionan una formaci\u00f3n reconocida por la Universidad de Barcelona y registrada en Europass.<\/p><\/div>\n\t\t\t\t<\/div>\n\t\t\t\t\t\t\t<div class=\"elementor-accordion-item\">\n\t\t\t\t\t<div id=\"elementor-tab-title-2072\" class=\"elementor-tab-title\" data-tab=\"2\" role=\"button\" aria-controls=\"elementor-tab-content-2072\" aria-expanded=\"false\">\n\t\t\t\t\t\t\t\t\t\t\t\t\t<span class=\"elementor-accordion-icon elementor-accordion-icon-left\" aria-hidden=\"true\">\n\t\t\t\t\t\t\t\t\t\t\t\t\t\t\t<span class=\"elementor-accordion-icon-closed\"><i class=\"fas fa-plus\"><\/i><\/span>\n\t\t\t\t\t\t\t\t<span class=\"elementor-accordion-icon-opened\"><i class=\"fas fa-minus\"><\/i><\/span>\n\t\t\t\t\t\t\t\t\t\t\t\t\t\t<\/span>\n\t\t\t\t\t\t\t\t\t\t\t\t<a class=\"elementor-accordion-title\" tabindex=\"0\">\u00bfCu\u00e1les son?<\/a>\n\t\t\t\t\t<\/div>\n\t\t\t\t\t<div id=\"elementor-tab-content-2072\" class=\"elementor-tab-content elementor-clearfix\" data-tab=\"2\" role=\"region\" aria-labelledby=\"elementor-tab-title-2072\"><p>La Universidad de Barcelona y el Instituto CRIIA ofrecen dos Microcredenciales (en formato online y de cinco semanas de duraci\u00f3n cada una de ellas): <a href=\"https:\/\/institutocriia.org\/wp-content\/uploads\/2025\/10\/Microcred.-Tutor-Practicas-FP-Dual-esp-1.pdf\" target=\"_blank\" rel=\"noopener\">\u201cEl Tutor de Pr\u00e1cticas en la Formaci\u00f3n Dual\u201d<\/a> (<a href=\"https:\/\/institutocriia.org\/wp-content\/uploads\/2025\/10\/Microcred.-Tutor-Practiques-FP-Dual-cat-1.pdf\" target=\"_blank\" rel=\"noopener\">informaci\u00f3n en catal\u00e1n<\/a>) y <a href=\"https:\/\/institutocriia.org\/wp-content\/uploads\/2025\/10\/Microcred-Oportunitades-Empresas-nueva-FP-esp-1.pdf\" target=\"_blank\" rel=\"noopener\">\u201cLas Oportunidades de las Empresas ante la Nueva Formaci\u00f3n Profesional\u201d<\/a> (<a href=\"https:\/\/institutocriia.org\/wp-content\/uploads\/2025\/10\/Microcred-Oportunitats-Empreses-nova-FP-cat-1.pdf\" target=\"_blank\" rel=\"noopener\">informaci\u00f3n en catal\u00e1n<\/a>).<\/p><p>\u201cEl Tutor de Pr\u00e1cticas en la Formaci\u00f3n Dual\u201d responde a las demandas de las empresas en el contexto de la formaci\u00f3n dual, permite definir las funciones del tutor de empresa -ofreciendo las herramientas adecuadas para acompa\u00f1ar a los estudiantes en sus pr\u00e1cticas- y planificar, gestionar y evaluar las estancias formativas de los estudiantes, asegurando coordinaci\u00f3n efectiva entre centros educativos y empresas.<\/p><p>\u201cLas Oportunidades de las Empresas ante la Nueva Formaci\u00f3n Profesional\u201d ofrece a las empresas una base conceptual s\u00f3lida sobre el Sistema de Formaci\u00f3n Profesional Dual\/Alternancia, fomenta la colaboraci\u00f3n con centros educativos, y facilita la captaci\u00f3n y formaci\u00f3n de talento. Adem\u00e1s, abre la puerta a futuras formaciones y a nuevas oportunidades profesionales dentro de la formaci\u00f3n dual.<\/p><\/div>\n\t\t\t\t<\/div>\n\t\t\t\t\t\t\t<div class=\"elementor-accordion-item\">\n\t\t\t\t\t<div id=\"elementor-tab-title-2073\" class=\"elementor-tab-title\" data-tab=\"3\" role=\"button\" aria-controls=\"elementor-tab-content-2073\" aria-expanded=\"false\">\n\t\t\t\t\t\t\t\t\t\t\t\t\t<span class=\"elementor-accordion-icon elementor-accordion-icon-left\" aria-hidden=\"true\">\n\t\t\t\t\t\t\t\t\t\t\t\t\t\t\t<span class=\"elementor-accordion-icon-closed\"><i class=\"fas fa-plus\"><\/i><\/span>\n\t\t\t\t\t\t\t\t<span class=\"elementor-accordion-icon-opened\"><i class=\"fas fa-minus\"><\/i><\/span>\n\t\t\t\t\t\t\t\t\t\t\t\t\t\t<\/span>\n\t\t\t\t\t\t\t\t\t\t\t\t<a class=\"elementor-accordion-title\" tabindex=\"0\">\u00bfA qui\u00e9n se dirigen?<\/a>\n\t\t\t\t\t<\/div>\n\t\t\t\t\t<div id=\"elementor-tab-content-2073\" class=\"elementor-tab-content elementor-clearfix\" data-tab=\"3\" role=\"region\" aria-labelledby=\"elementor-tab-title-2073\"><p>Ambas est\u00e1n dirigidas a: Directivos de empresas interesados en la colaboraci\u00f3n con el Sistema de Formaci\u00f3n Profesional; Responsables de Recursos Humanos con enfoque en la gesti\u00f3n y el desarrollo de talento; Responsables de formaci\u00f3n e innovaci\u00f3n que impulsan proyectos de FP Dual\/Alternancia; Tutores de pr\u00e1cticas en empresa, encargados del acompa\u00f1amiento de los alumnos; Coordinadores y prospectores de dual, encargados de la gesti\u00f3n y el seguimiento de los programas; Responsables de planes de acogida e integraci\u00f3n de nuevos profesionales en la empresa; Instructores, tutores mancomunados y otros referentes que act\u00faan como puentes entre empresas y centros educativos.<\/p><\/div>\n\t\t\t\t<\/div>\n\t\t\t\t\t\t\t<div class=\"elementor-accordion-item\">\n\t\t\t\t\t<div id=\"elementor-tab-title-2074\" class=\"elementor-tab-title\" data-tab=\"4\" role=\"button\" aria-controls=\"elementor-tab-content-2074\" aria-expanded=\"false\">\n\t\t\t\t\t\t\t\t\t\t\t\t\t<span class=\"elementor-accordion-icon elementor-accordion-icon-left\" aria-hidden=\"true\">\n\t\t\t\t\t\t\t\t\t\t\t\t\t\t\t<span class=\"elementor-accordion-icon-closed\"><i class=\"fas fa-plus\"><\/i><\/span>\n\t\t\t\t\t\t\t\t<span class=\"elementor-accordion-icon-opened\"><i class=\"fas fa-minus\"><\/i><\/span>\n\t\t\t\t\t\t\t\t\t\t\t\t\t\t<\/span>\n\t\t\t\t\t\t\t\t\t\t\t\t<a class=\"elementor-accordion-title\" tabindex=\"0\">\u00bfC\u00f3mo se financian y qu\u00e9 ayudas hay disponibles?<\/a>\n\t\t\t\t\t<\/div>\n\t\t\t\t\t<div id=\"elementor-tab-content-2074\" class=\"elementor-tab-content elementor-clearfix\" data-tab=\"4\" role=\"region\" aria-labelledby=\"elementor-tab-title-2074\"><p>Ambas formaciones est\u00e1n financiadas por la UE a trav\u00e9s del \u201cPlan Microcreds\u201d, que cubre el 70 % de la matr\u00edcula hasta mayo de 2026 o hasta agotarse los fondos, con el objeto de ayudar a consolidar la formaci\u00f3n continua de los trabajadores. Podr\u00e1n optar a la financiaci\u00f3n del Plan Microcreds las personas con nacionalidad espa\u00f1ola y residentes en Espa\u00f1a de entre 25 y 64 a\u00f1os. En caso de que no se cumplan estas condiciones, podr\u00e1n matricularse asumiendo el coste total del programa.<\/p><p>Hay ayudas disponibles para cubrir \u00edntegramente el importe de la matr\u00edcula en el caso de personas con rentas bajas, en situaci\u00f3n de desempleo y\/o en riesgo de exclusi\u00f3n social. Pueden solicitar dicha ayuda las personas que tengan entre 25 y 64 a\u00f1os y residencia legal en Espa\u00f1a. Adem\u00e1s, deber\u00e1n cumplir al menos uno de los siguientes requisitos: a) Estar inscritas como demandantes de empleo en el momento de presentar la solicitud. b) Tener unas rentas que se correspondan con los umbrales 1, 2, 3 establecidos en la convocatoria general de Becas del Ministerio de Educaci\u00f3n, Formaci\u00f3n Profesional y Deportes. c) Encontrarse en situaci\u00f3n de vulnerabilidad o riesgo de exclusi\u00f3n social.<\/p><p>Las bases completas de esta convocatoria est\u00e1n disponibles en el siguiente sitio web: <a href=\"https:\/\/seu.ub.edu\/ajutsPublic\/showPublicacion\/737309\" target=\"_blank\" rel=\"noopener\">https:\/\/seu.ub.edu\/ajutsPublic\/showPublicacion\/737309<\/a><\/p><\/div>\n\t\t\t\t<\/div>\n\t\t\t\t\t\t\t\t<\/div>\n\t\t\t\t\t\t<\/div>\n\t\t\t\t<\/div>\n\t\t\t\t<section class=\"elementor-section elementor-inner-section elementor-element elementor-element-381ddf6 elementor-section-boxed elementor-section-height-default elementor-section-height-default\" data-id=\"381ddf6\" data-element_type=\"section\" data-e-type=\"section\">\n\t\t\t\t\t\t<div class=\"elementor-container elementor-column-gap-extended\">\n\t\t\t\t\t<div class=\"elementor-column elementor-col-50 elementor-inner-column elementor-element elementor-element-1c15cb0\" data-id=\"1c15cb0\" data-element_type=\"column\" data-e-type=\"column\">\n\t\t\t<div class=\"elementor-widget-wrap elementor-element-populated\">\n\t\t\t\t\t\t<div class=\"elementor-element elementor-element-6d850a0 elementor-widget elementor-widget-image\" data-id=\"6d850a0\" data-element_type=\"widget\" data-e-type=\"widget\" data-widget_type=\"image.default\">\n\t\t\t\t<div class=\"elementor-widget-container\">\n\t\t\t\t\t\t\t\t\t\t\t\t\t\t\t<img fetchpriority=\"high\" decoding=\"async\" width=\"1124\" height=\"631\" src=\"https:\/\/institutocriia.org\/wp-content\/uploads\/2025\/10\/Empresas-esp.jpg\" class=\"attachment-full size-full wp-image-4632\" alt=\"\" srcset=\"https:\/\/institutocriia.org\/wp-content\/uploads\/2025\/10\/Empresas-esp.jpg 1124w, https:\/\/institutocriia.org\/wp-content\/uploads\/2025\/10\/Empresas-esp-300x168.jpg 300w, https:\/\/institutocriia.org\/wp-content\/uploads\/2025\/10\/Empresas-esp-1024x575.jpg 1024w, https:\/\/institutocriia.org\/wp-content\/uploads\/2025\/10\/Empresas-esp-768x431.jpg 768w\" sizes=\"(max-width: 1124px) 100vw, 1124px\" \/>\t\t\t\t\t\t\t\t\t\t\t\t\t\t\t<\/div>\n\t\t\t\t<\/div>\n\t\t\t\t<div class=\"elementor-element elementor-element-906451c elementor-widget elementor-widget-heading\" data-id=\"906451c\" data-element_type=\"widget\" data-e-type=\"widget\" data-widget_type=\"heading.default\">\n\t\t\t\t<div class=\"elementor-widget-container\">\n\t\t\t\t\t<h3 class=\"elementor-heading-title elementor-size-default\">Las oportunidades de las empresas frente a la nueva Formaci\u00f3n Profesional<\/h3>\t\t\t\t<\/div>\n\t\t\t\t<\/div>\n\t\t\t\t<div class=\"elementor-element elementor-element-a0e4b64 elementor-widget elementor-widget-button\" data-id=\"a0e4b64\" data-element_type=\"widget\" data-e-type=\"widget\" data-widget_type=\"button.default\">\n\t\t\t\t<div class=\"elementor-widget-container\">\n\t\t\t\t\t\t\t\t\t<div class=\"elementor-button-wrapper\">\n\t\t\t\t\t<a class=\"elementor-button elementor-button-link elementor-size-sm\" href=\"https:\/\/institutocriia.org\/wp-content\/uploads\/2025\/10\/Microcred-Oportunitades-Empresas-nueva-FP-esp-1.pdf\" target=\"_blank\">\n\t\t\t\t\t\t<span class=\"elementor-button-content-wrapper\">\n\t\t\t\t\t\t<span class=\"elementor-button-icon\">\n\t\t\t\t<i aria-hidden=\"true\" class=\"fas fa-download\"><\/i>\t\t\t<\/span>\n\t\t\t\t\t\t\t\t\t<span class=\"elementor-button-text\">Consultar informaci\u00f3n (ESP)<\/span>\n\t\t\t\t\t<\/span>\n\t\t\t\t\t<\/a>\n\t\t\t\t<\/div>\n\t\t\t\t\t\t\t\t<\/div>\n\t\t\t\t<\/div>\n\t\t\t\t<div class=\"elementor-element elementor-element-e42adb2 elementor-widget elementor-widget-button\" data-id=\"e42adb2\" data-element_type=\"widget\" data-e-type=\"widget\" data-widget_type=\"button.default\">\n\t\t\t\t<div class=\"elementor-widget-container\">\n\t\t\t\t\t\t\t\t\t<div class=\"elementor-button-wrapper\">\n\t\t\t\t\t<a class=\"elementor-button elementor-button-link elementor-size-sm\" href=\"https:\/\/institutocriia.org\/wp-content\/uploads\/2025\/10\/Microcred-Oportunitats-Empreses-nova-FP-cat-1.pdf\" target=\"_blank\">\n\t\t\t\t\t\t<span class=\"elementor-button-content-wrapper\">\n\t\t\t\t\t\t<span class=\"elementor-button-icon\">\n\t\t\t\t<i aria-hidden=\"true\" class=\"fas fa-download\"><\/i>\t\t\t<\/span>\n\t\t\t\t\t\t\t\t\t<span class=\"elementor-button-text\">Consultar informaci\u00f3n (CAT)<\/span>\n\t\t\t\t\t<\/span>\n\t\t\t\t\t<\/a>\n\t\t\t\t<\/div>\n\t\t\t\t\t\t\t\t<\/div>\n\t\t\t\t<\/div>\n\t\t\t\t\t<\/div>\n\t\t<\/div>\n\t\t\t\t<div class=\"elementor-column elementor-col-50 elementor-inner-column elementor-element elementor-element-e3d1f34\" data-id=\"e3d1f34\" data-element_type=\"column\" data-e-type=\"column\">\n\t\t\t<div class=\"elementor-widget-wrap elementor-element-populated\">\n\t\t\t\t\t\t<div class=\"elementor-element elementor-element-c6bc7f0 elementor-widget elementor-widget-image\" data-id=\"c6bc7f0\" data-element_type=\"widget\" data-e-type=\"widget\" data-widget_type=\"image.default\">\n\t\t\t\t<div class=\"elementor-widget-container\">\n\t\t\t\t\t\t\t\t\t\t\t\t\t\t\t<img decoding=\"async\" width=\"1126\" height=\"628\" src=\"https:\/\/institutocriia.org\/wp-content\/uploads\/2025\/10\/Tutor-esp.jpg\" class=\"attachment-full size-full wp-image-4634\" alt=\"\" srcset=\"https:\/\/institutocriia.org\/wp-content\/uploads\/2025\/10\/Tutor-esp.jpg 1126w, https:\/\/institutocriia.org\/wp-content\/uploads\/2025\/10\/Tutor-esp-300x167.jpg 300w, https:\/\/institutocriia.org\/wp-content\/uploads\/2025\/10\/Tutor-esp-1024x571.jpg 1024w, https:\/\/institutocriia.org\/wp-content\/uploads\/2025\/10\/Tutor-esp-768x428.jpg 768w\" sizes=\"(max-width: 1126px) 100vw, 1126px\" \/>\t\t\t\t\t\t\t\t\t\t\t\t\t\t\t<\/div>\n\t\t\t\t<\/div>\n\t\t\t\t<div class=\"elementor-element elementor-element-5cbfa4d elementor-widget elementor-widget-heading\" data-id=\"5cbfa4d\" data-element_type=\"widget\" data-e-type=\"widget\" data-widget_type=\"heading.default\">\n\t\t\t\t<div class=\"elementor-widget-container\">\n\t\t\t\t\t<h3 class=\"elementor-heading-title elementor-size-default\">El Tutor de Pr\u00e1cticas en la Formaci\u00f3n Dual<\/h3>\t\t\t\t<\/div>\n\t\t\t\t<\/div>\n\t\t\t\t<div class=\"elementor-element elementor-element-e26e743 elementor-widget elementor-widget-button\" data-id=\"e26e743\" data-element_type=\"widget\" data-e-type=\"widget\" data-widget_type=\"button.default\">\n\t\t\t\t<div class=\"elementor-widget-container\">\n\t\t\t\t\t\t\t\t\t<div class=\"elementor-button-wrapper\">\n\t\t\t\t\t<a class=\"elementor-button elementor-button-link elementor-size-sm\" href=\"https:\/\/institutocriia.org\/wp-content\/uploads\/2025\/10\/Microcred.-Tutor-Practicas-FP-Dual-esp-1.pdf\" target=\"_blank\">\n\t\t\t\t\t\t<span class=\"elementor-button-content-wrapper\">\n\t\t\t\t\t\t<span class=\"elementor-button-icon\">\n\t\t\t\t<i aria-hidden=\"true\" class=\"fas fa-download\"><\/i>\t\t\t<\/span>\n\t\t\t\t\t\t\t\t\t<span class=\"elementor-button-text\">Consultar informaci\u00f3n (ESP)<\/span>\n\t\t\t\t\t<\/span>\n\t\t\t\t\t<\/a>\n\t\t\t\t<\/div>\n\t\t\t\t\t\t\t\t<\/div>\n\t\t\t\t<\/div>\n\t\t\t\t<div class=\"elementor-element elementor-element-9693ee8 elementor-widget elementor-widget-button\" data-id=\"9693ee8\" data-element_type=\"widget\" data-e-type=\"widget\" data-widget_type=\"button.default\">\n\t\t\t\t<div class=\"elementor-widget-container\">\n\t\t\t\t\t\t\t\t\t<div class=\"elementor-button-wrapper\">\n\t\t\t\t\t<a class=\"elementor-button elementor-button-link elementor-size-sm\" href=\"https:\/\/institutocriia.org\/wp-content\/uploads\/2025\/10\/Microcred.-Tutor-Practiques-FP-Dual-cat-1.pdf\" target=\"_blank\">\n\t\t\t\t\t\t<span class=\"elementor-button-content-wrapper\">\n\t\t\t\t\t\t<span class=\"elementor-button-icon\">\n\t\t\t\t<i aria-hidden=\"true\" class=\"fas fa-download\"><\/i>\t\t\t<\/span>\n\t\t\t\t\t\t\t\t\t<span class=\"elementor-button-text\">Consultar informaci\u00f3n (CAT)<\/span>\n\t\t\t\t\t<\/span>\n\t\t\t\t\t<\/a>\n\t\t\t\t<\/div>\n\t\t\t\t\t\t\t\t<\/div>\n\t\t\t\t<\/div>\n\t\t\t\t\t<\/div>\n\t\t<\/div>\n\t\t\t\t\t<\/div>\n\t\t<\/section>\n\t\t\t\t\t<\/div>\n\t\t<\/div>\n\t\t\t\t\t<\/div>\n\t\t<\/section>\n\t\t\t\t<\/div>\n\t\t","protected":false},"excerpt":{"rendered":"<p>Microcredenciales UB &#8211; Instituto CRIIA Mejora tu empleabilidad con una formaci\u00f3n breve y de calidad M\u00e1s informaci\u00f3n Microcredenciales UB &#8211; Instituto CRIIA \u00bfQu\u00e9 son? Las Microcredenciales universitarias son programas cortos y flexibles que permiten adquirir y actualizar competencias profesionales para mejorar la empleabilidad. Est\u00e1n abiertas a personas de 25 a 64 a\u00f1os con nacionalidad o [&hellip;]<\/p>\n","protected":false},"author":2,"featured_media":3189,"parent":0,"menu_order":2,"comment_status":"closed","ping_status":"closed","template":"","meta":{"site-sidebar-layout":"no-sidebar","site-content-layout":"page-builder","ast-site-content-layout":"full-width-container","site-content-style":"unboxed","site-sidebar-style":"unboxed","ast-global-header-display":"","ast-banner-title-visibility":"","ast-main-header-display":"","ast-hfb-above-header-display":"","ast-hfb-below-header-display":"","ast-hfb-mobile-header-display":"","site-post-title":"disabled","ast-breadcrumbs-content":"","ast-featured-img":"disabled","footer-sml-layout":"","ast-disable-related-posts":"","theme-transparent-header-meta":"default","adv-header-id-meta":"","stick-header-meta":"default","header-above-stick-meta":"","header-main-stick-meta":"","header-below-stick-meta":"","astra-migrate-meta-layouts":"set","ast-page-background-enabled":"default","ast-page-background-meta":{"desktop":{"background-color":"var(--ast-global-color-4)","background-image":"","background-repeat":"repeat","background-position":"center center","background-size":"auto","background-attachment":"scroll","background-type":"","background-media":"","overlay-type":"","overlay-color":"","overlay-opacity":"","overlay-gradient":""},"tablet":{"background-color":"","background-image":"","background-repeat":"repeat","background-position":"center center","background-size":"auto","background-attachment":"scroll","background-type":"","background-media":"","overlay-type":"","overlay-color":"","overlay-opacity":"","overlay-gradient":""},"mobile":{"background-color":"","background-image":"","background-repeat":"repeat","background-position":"center center","background-size":"auto","background-attachment":"scroll","background-type":"","background-media":"","overlay-type":"","overlay-color":"","overlay-opacity":"","overlay-gradient":""}},"ast-content-background-meta":{"desktop":{"background-color":"var(--ast-global-color-5)","background-image":"","background-repeat":"repeat","background-position":"center center","background-size":"auto","background-attachment":"scroll","background-type":"","background-media":"","overlay-type":"","overlay-color":"","overlay-opacity":"","overlay-gradient":""},"tablet":{"background-color":"var(--ast-global-color-5)","background-image":"","background-repeat":"repeat","background-position":"center center","background-size":"auto","background-attachment":"scroll","background-type":"","background-media":"","overlay-type":"","overlay-color":"","overlay-opacity":"","overlay-gradient":""},"mobile":{"background-color":"var(--ast-global-color-5)","background-image":"","background-repeat":"repeat","background-position":"center center","background-size":"auto","background-attachment":"scroll","background-type":"","background-media":"","overlay-type":"","overlay-color":"","overlay-opacity":"","overlay-gradient":""}},"footnotes":""},"class_list":["post-4661","page","type-page","status-publish","has-post-thumbnail","hentry"],"_links":{"self":[{"href":"https:\/\/institutocriia.org\/pt-pt\/wp-json\/wp\/v2\/pages\/4661","targetHints":{"allow":["GET"]}}],"collection":[{"href":"https:\/\/institutocriia.org\/pt-pt\/wp-json\/wp\/v2\/pages"}],"about":[{"href":"https:\/\/institutocriia.org\/pt-pt\/wp-json\/wp\/v2\/types\/page"}],"author":[{"embeddable":true,"href":"https:\/\/institutocriia.org\/pt-pt\/wp-json\/wp\/v2\/users\/2"}],"replies":[{"embeddable":true,"href":"https:\/\/institutocriia.org\/pt-pt\/wp-json\/wp\/v2\/comments?post=4661"}],"version-history":[{"count":12,"href":"https:\/\/institutocriia.org\/pt-pt\/wp-json\/wp\/v2\/pages\/4661\/revisions"}],"predecessor-version":[{"id":4685,"href":"https:\/\/institutocriia.org\/pt-pt\/wp-json\/wp\/v2\/pages\/4661\/revisions\/4685"}],"wp:featuredmedia":[{"embeddable":true,"href":"https:\/\/institutocriia.org\/pt-pt\/wp-json\/wp\/v2\/media\/3189"}],"wp:attachment":[{"href":"https:\/\/institutocriia.org\/pt-pt\/wp-json\/wp\/v2\/media?parent=4661"}],"curies":[{"name":"wp","href":"https:\/\/api.w.org\/{rel}","templated":true}]}}